{"id":13818,"date":"2025-07-27T08:30:40","date_gmt":"2025-07-27T08:30:40","guid":{"rendered":"https:\/\/connectprint.md\/?post_type=product&#038;p=13818"},"modified":"2025-07-27T08:32:43","modified_gmt":"2025-07-27T08:32:43","slug":"cana-termo-cu-pereti-dubli","status":"publish","type":"product","link":"https:\/\/connectprint.md\/?product=cana-termo-cu-pereti-dubli","title":{"rendered":"Can\u0103 termo cu pere\u021bi dubli"},"content":{"rendered":"<ul>\n<li>Can\u0103 cu pere\u021bi dubli.<\/li>\n<li>Interior din o\u021bel inoxidabil 304, exterior din PP.<\/li>\n<li>Capac filetat cu dozator.<\/li>\n<li>Capacitate: 350 ml.<\/li>\n<li>Mod de prezentare: \u00een cutie cu model.<\/li>\n<li>Dimensiune: 14,8cm\/9\u00d8<\/li>\n<li id=\"tw-target-text\" class=\"tw-data-text tw-text-large tw-ta\" dir=\"ltr\" data-placeholder=\"Traducere\" data-ved=\"2ahUKEwjG95-0xvWNAxXH7AIHHZHiKHIQ3ewLegQICRAV\" aria-label=\"Text tradus: Material: O\u021bel inoxidabil \u0219i PP Prezentat \u00eentr-o cutie de designer. Nu este potrivit pentru g\u0103tit la microunde. Nu este potrivit pentru g\u0103tit la ma\u0219ina de sp\u0103lat vase. Se recomand\u0103 sp\u0103larea manual\u0103.\"><span class=\"Y2IQFc\" lang=\"ro\">Material: O\u021bel inoxidabil \u0219i PP \u2013 Prezentat \u00eentr-o cutie de designer.<\/span><\/li>\n<li class=\"tw-data-text tw-text-large tw-ta\" dir=\"ltr\" data-placeholder=\"Traducere\" data-ved=\"2ahUKEwjG95-0xvWNAxXH7AIHHZHiKHIQ3ewLegQICRAV\" aria-label=\"Text tradus: Material: O\u021bel inoxidabil \u0219i PP Prezentat \u00eentr-o cutie de designer. Nu este potrivit pentru g\u0103tit la microunde. Nu este potrivit pentru g\u0103tit la ma\u0219ina de sp\u0103lat vase. Se recomand\u0103 sp\u0103larea manual\u0103.\"><span class=\"Y2IQFc\" lang=\"ro\">Pachet 1 units, Cutie 50 units<\/span><\/li>\n<\/ul>\n","protected":false},"excerpt":{"rendered":"<p>Can\u0103 cu pere\u021bi dubli. Interior din o\u021bel inoxidabil 304, exterior din PP. Capac filetat cu dozator. Capacitate: 350 ml. Mod de prezentare: \u00een cutie cu model. Dimensiune: 14,8cm\/9\u00d8 Material: O\u021bel inoxidabil \u0219i PP \u2013 Prezentat \u00eentr-o cutie de designer. Pachet 1 units, Cutie 50 units<\/p>\n","protected":false},"featured_media":13820,"comment_status":"closed","ping_status":"closed","template":"","meta":[],"product_brand":[],"product_cat":[15,59],"product_tag":[],"class_list":{"0":"post-13818","1":"product","2":"type-product","3":"status-publish","4":"has-post-thumbnail","6":"product_cat-fara-categorie","7":"product_cat-termosuri_si_cani_termice","9":"first","10":"instock","11":"shipping-taxable","12":"purchasable","13":"product-type-variable","14":"has-default-attributes","15":"add-to-wishlist-after_add_to_cart"},"yoast_head":"<!-- This site is optimized with the Yoast SEO plugin v26.2 - https:\/\/yoast.com\/wordpress\/plugins\/seo\/ -->\n<title>Can\u0103 termo cu pere\u021bi dubli - ConnectPRINT<\/title>\n<meta name=\"description\" content=\"Can\u0103 termo cu pere\u021bi dubli\" \/>\n<meta name=\"robots\" content=\"index, follow, max-snippet:-1, max-image-preview:large, max-video-preview:-1\" \/>\n<link rel=\"canonical\" href=\"https:\/\/connectprint.md\/?product=cana-termo-cu-pereti-dubli\" \/>\n<meta property=\"og:locale\" content=\"ro_RO\" \/>\n<meta property=\"og:type\" content=\"article\" \/>\n<meta property=\"og:title\" content=\"Can\u0103 termo cu pere\u021bi dubli - ConnectPRINT\" \/>\n<meta property=\"og:description\" content=\"Can\u0103 termo cu pere\u021bi dubli\" \/>\n<meta property=\"og:url\" content=\"https:\/\/connectprint.md\/?product=cana-termo-cu-pereti-dubli\" \/>\n<meta property=\"og:site_name\" content=\"ConnectPRINT\" \/>\n<meta property=\"article:modified_time\" content=\"2025-07-27T08:32:43+00:00\" \/>\n<meta property=\"og:image\" content=\"https:\/\/connectprint.md\/wp-content\/uploads\/2025\/07\/3-18.png\" \/>\n\t<meta property=\"og:image:width\" content=\"535\" \/>\n\t<meta property=\"og:image:height\" content=\"519\" \/>\n\t<meta property=\"og:image:type\" content=\"image\/png\" \/>\n<meta name=\"twitter:card\" content=\"summary_large_image\" \/>\n<meta name=\"twitter:label1\" content=\"Timp estimat pentru citire\" \/>\n\t<meta name=\"twitter:data1\" content=\"1 minut\" \/>\n<script type=\"application\/ld+json\" class=\"yoast-schema-graph\">{\"@context\":\"https:\/\/schema.org\",\"@graph\":[{\"@type\":\"WebPage\",\"@id\":\"https:\/\/connectprint.md\/?product=cana-termo-cu-pereti-dubli\",\"url\":\"https:\/\/connectprint.md\/?product=cana-termo-cu-pereti-dubli\",\"name\":\"Can\u0103 termo cu pere\u021bi dubli - ConnectPRINT\",\"isPartOf\":{\"@id\":\"https:\/\/connectprint.md\/#website\"},\"primaryImageOfPage\":{\"@id\":\"https:\/\/connectprint.md\/?product=cana-termo-cu-pereti-dubli#primaryimage\"},\"image\":{\"@id\":\"https:\/\/connectprint.md\/?product=cana-termo-cu-pereti-dubli#primaryimage\"},\"thumbnailUrl\":\"https:\/\/connectprint.md\/wp-content\/uploads\/2025\/07\/3-18.png\",\"datePublished\":\"2025-07-27T08:30:40+00:00\",\"dateModified\":\"2025-07-27T08:32:43+00:00\",\"description\":\"Can\u0103 termo cu pere\u021bi dubli\",\"breadcrumb\":{\"@id\":\"https:\/\/connectprint.md\/?product=cana-termo-cu-pereti-dubli#breadcrumb\"},\"inLanguage\":\"ro-RO\",\"potentialAction\":[{\"@type\":\"ReadAction\",\"target\":[\"https:\/\/connectprint.md\/?product=cana-termo-cu-pereti-dubli\"]}]},{\"@type\":\"ImageObject\",\"inLanguage\":\"ro-RO\",\"@id\":\"https:\/\/connectprint.md\/?product=cana-termo-cu-pereti-dubli#primaryimage\",\"url\":\"https:\/\/connectprint.md\/wp-content\/uploads\/2025\/07\/3-18.png\",\"contentUrl\":\"https:\/\/connectprint.md\/wp-content\/uploads\/2025\/07\/3-18.png\",\"width\":535,\"height\":519},{\"@type\":\"BreadcrumbList\",\"@id\":\"https:\/\/connectprint.md\/?product=cana-termo-cu-pereti-dubli#breadcrumb\",\"itemListElement\":[{\"@type\":\"ListItem\",\"position\":1,\"name\":\"Prima pagin\u0103\",\"item\":\"https:\/\/connectprint.md\/\"},{\"@type\":\"ListItem\",\"position\":2,\"name\":\"Magazin\",\"item\":\"https:\/\/connectprint.md\/?page_id=6\"},{\"@type\":\"ListItem\",\"position\":3,\"name\":\"Can\u0103 termo cu pere\u021bi dubli\"}]},{\"@type\":\"WebSite\",\"@id\":\"https:\/\/connectprint.md\/#website\",\"url\":\"https:\/\/connectprint.md\/\",\"name\":\"ConnectPRINT\",\"description\":\"\",\"publisher\":{\"@id\":\"https:\/\/connectprint.md\/#organization\"},\"potentialAction\":[{\"@type\":\"SearchAction\",\"target\":{\"@type\":\"EntryPoint\",\"urlTemplate\":\"https:\/\/connectprint.md\/?s={search_term_string}\"},\"query-input\":{\"@type\":\"PropertyValueSpecification\",\"valueRequired\":true,\"valueName\":\"search_term_string\"}}],\"inLanguage\":\"ro-RO\"},{\"@type\":\"Organization\",\"@id\":\"https:\/\/connectprint.md\/#organization\",\"name\":\"ConnectPRINT\",\"url\":\"https:\/\/connectprint.md\/\",\"logo\":{\"@type\":\"ImageObject\",\"inLanguage\":\"ro-RO\",\"@id\":\"https:\/\/connectprint.md\/#\/schema\/logo\/image\/\",\"url\":\"https:\/\/connectprint.md\/wp-content\/uploads\/2025\/07\/pentru-ico.png\",\"contentUrl\":\"https:\/\/connectprint.md\/wp-content\/uploads\/2025\/07\/pentru-ico.png\",\"width\":474,\"height\":526,\"caption\":\"ConnectPRINT\"},\"image\":{\"@id\":\"https:\/\/connectprint.md\/#\/schema\/logo\/image\/\"}}]}<\/script>\n<!-- \/ Yoast SEO plugin. -->","yoast_head_json":{"title":"Can\u0103 termo cu pere\u021bi dubli - ConnectPRINT","description":"Can\u0103 termo cu pere\u021bi dubli","robots":{"index":"index","follow":"follow","max-snippet":"max-snippet:-1","max-image-preview":"max-image-preview:large","max-video-preview":"max-video-preview:-1"},"canonical":"https:\/\/connectprint.md\/?product=cana-termo-cu-pereti-dubli","og_locale":"ro_RO","og_type":"article","og_title":"Can\u0103 termo cu pere\u021bi dubli - ConnectPRINT","og_description":"Can\u0103 termo cu pere\u021bi dubli","og_url":"https:\/\/connectprint.md\/?product=cana-termo-cu-pereti-dubli","og_site_name":"ConnectPRINT","article_modified_time":"2025-07-27T08:32:43+00:00","og_image":[{"width":535,"height":519,"url":"https:\/\/connectprint.md\/wp-content\/uploads\/2025\/07\/3-18.png","type":"image\/png"}],"twitter_card":"summary_large_image","twitter_misc":{"Timp estimat pentru citire":"1 minut"},"schema":{"@context":"https:\/\/schema.org","@graph":[{"@type":"WebPage","@id":"https:\/\/connectprint.md\/?product=cana-termo-cu-pereti-dubli","url":"https:\/\/connectprint.md\/?product=cana-termo-cu-pereti-dubli","name":"Can\u0103 termo cu pere\u021bi dubli - ConnectPRINT","isPartOf":{"@id":"https:\/\/connectprint.md\/#website"},"primaryImageOfPage":{"@id":"https:\/\/connectprint.md\/?product=cana-termo-cu-pereti-dubli#primaryimage"},"image":{"@id":"https:\/\/connectprint.md\/?product=cana-termo-cu-pereti-dubli#primaryimage"},"thumbnailUrl":"https:\/\/connectprint.md\/wp-content\/uploads\/2025\/07\/3-18.png","datePublished":"2025-07-27T08:30:40+00:00","dateModified":"2025-07-27T08:32:43+00:00","description":"Can\u0103 termo cu pere\u021bi dubli","breadcrumb":{"@id":"https:\/\/connectprint.md\/?product=cana-termo-cu-pereti-dubli#breadcrumb"},"inLanguage":"ro-RO","potentialAction":[{"@type":"ReadAction","target":["https:\/\/connectprint.md\/?product=cana-termo-cu-pereti-dubli"]}]},{"@type":"ImageObject","inLanguage":"ro-RO","@id":"https:\/\/connectprint.md\/?product=cana-termo-cu-pereti-dubli#primaryimage","url":"https:\/\/connectprint.md\/wp-content\/uploads\/2025\/07\/3-18.png","contentUrl":"https:\/\/connectprint.md\/wp-content\/uploads\/2025\/07\/3-18.png","width":535,"height":519},{"@type":"BreadcrumbList","@id":"https:\/\/connectprint.md\/?product=cana-termo-cu-pereti-dubli#breadcrumb","itemListElement":[{"@type":"ListItem","position":1,"name":"Prima pagin\u0103","item":"https:\/\/connectprint.md\/"},{"@type":"ListItem","position":2,"name":"Magazin","item":"https:\/\/connectprint.md\/?page_id=6"},{"@type":"ListItem","position":3,"name":"Can\u0103 termo cu pere\u021bi dubli"}]},{"@type":"WebSite","@id":"https:\/\/connectprint.md\/#website","url":"https:\/\/connectprint.md\/","name":"ConnectPRINT","description":"","publisher":{"@id":"https:\/\/connectprint.md\/#organization"},"potentialAction":[{"@type":"SearchAction","target":{"@type":"EntryPoint","urlTemplate":"https:\/\/connectprint.md\/?s={search_term_string}"},"query-input":{"@type":"PropertyValueSpecification","valueRequired":true,"valueName":"search_term_string"}}],"inLanguage":"ro-RO"},{"@type":"Organization","@id":"https:\/\/connectprint.md\/#organization","name":"ConnectPRINT","url":"https:\/\/connectprint.md\/","logo":{"@type":"ImageObject","inLanguage":"ro-RO","@id":"https:\/\/connectprint.md\/#\/schema\/logo\/image\/","url":"https:\/\/connectprint.md\/wp-content\/uploads\/2025\/07\/pentru-ico.png","contentUrl":"https:\/\/connectprint.md\/wp-content\/uploads\/2025\/07\/pentru-ico.png","width":474,"height":526,"caption":"ConnectPRINT"},"image":{"@id":"https:\/\/connectprint.md\/#\/schema\/logo\/image\/"}}]}},"jetpack_sharing_enabled":true,"_links":{"self":[{"href":"https:\/\/connectprint.md\/index.php?rest_route=\/wp\/v2\/product\/13818","targetHints":{"allow":["GET"]}}],"collection":[{"href":"https:\/\/connectprint.md\/index.php?rest_route=\/wp\/v2\/product"}],"about":[{"href":"https:\/\/connectprint.md\/index.php?rest_route=\/wp\/v2\/types\/product"}],"replies":[{"embeddable":true,"href":"https:\/\/connectprint.md\/index.php?rest_route=%2Fwp%2Fv2%2Fcomments&post=13818"}],"wp:featuredmedia":[{"embeddable":true,"href":"https:\/\/connectprint.md\/index.php?rest_route=\/wp\/v2\/media\/13820"}],"wp:attachment":[{"href":"https:\/\/connectprint.md\/index.php?rest_route=%2Fwp%2Fv2%2Fmedia&parent=13818"}],"wp:term":[{"taxonomy":"product_brand","embeddable":true,"href":"https:\/\/connectprint.md\/index.php?rest_route=%2Fwp%2Fv2%2Fproduct_brand&post=13818"},{"taxonomy":"product_cat","embeddable":true,"href":"https:\/\/connectprint.md\/index.php?rest_route=%2Fwp%2Fv2%2Fproduct_cat&post=13818"},{"taxonomy":"product_tag","embeddable":true,"href":"https:\/\/connectprint.md\/index.php?rest_route=%2Fwp%2Fv2%2Fproduct_tag&post=13818"}],"curies":[{"name":"wp","href":"https:\/\/api.w.org\/{rel}","templated":true}]}}